{"id":6305,"date":"2025-09-01T09:16:44","date_gmt":"2025-09-01T09:16:44","guid":{"rendered":"https:\/\/studiomix.hr\/?post_type=portfolio&#038;p=6305"},"modified":"2026-09-05T22:04:26","modified_gmt":"2026-09-05T22:04:26","slug":"javni-poziv","status":"publish","type":"portfolio","link":"https:\/\/studiomix.hr\/en\/portfolio\/javni-poziv\/","title":{"rendered":"WE WANT YOUR ART!"},"content":{"rendered":"<p>Datum objave: 08.09.2026.<\/p>\n\n\n\n<p>UTOPIJSKI EXPERIMENT<\/p>\n\n\n\n<p><br>Prostor, taj precijenjeni fizi\u010dki preduvjet svakog kulturnog djelovanja, uglavnom postane vidljiv tek kad ga nema.<\/p>\n\n\n\n<p>Kad ga ima, nekako se podrazumijeva.<\/p>\n\n\n\n<p>Mi bismo, za promjenu, napravili obrnuto.<\/p>\n\n\n\n<p>Kopriva Art Lab otvara prostor ljudima koji ne\u0161to <strong>rade tijekom tjedna<\/strong> \u2014 podu\u010davaju, istra\u017euju, ple\u0161u,  sla\u017eu, rastavljaju ili poku\u0161avaju doku\u010diti \u0161to bi od svega toga moglo nastati.<\/p>\n\n\n\n<p>Ne\u0107emo vam obja\u0161njavati \u0161to je \u201einterdisciplinarnost\u201c, ne trebamo jo\u0161 jedan program koji zvu\u010di kao da ga je pisao fondovski ChatGPT i ne tra\u017eimo nu\u017eno diplomu iz ne\u010dega \u0161to se mo\u017ee raditi i bez nje.<\/p>\n\n\n\n<p>Tra\u017eimo <strong>voditelje\/ice tjednih programa<\/strong>.<\/p>\n\n\n\n<p>Ne nu\u017eno institucije, ne nu\u017eno kolektive, ne nu\u017eno ljude s uredno poslo\u017eenim biografijama i fotografijom u kojoj gledaju negdje malo iznad objektiva.<\/p>\n\n\n\n<p>Ako imate znanje koje se mo\u017ee prenijeti drugome \u2014 te\u010daj.<br>Ako imate praksu koju treba razvijati \u2014 radionica.<br>Ako imate ne\u0161to \u0161to jo\u0161 nema ime \u2014 tim bolje.<\/p>\n\n\n\n<p>Osim toga, tijekom tjedna, <strong>do 17 h<\/strong>, otvaramo prostor za <strong>tri istra\u017eiva\u010dka projekta<\/strong>.<\/p>\n\n\n\n<p>Prostor za ono neugodno me\u0111uvrijeme izme\u0111u ideje i izvedbe, izme\u0111u probe i rezultata, izme\u0111u \u201eimam ne\u0161to\u201c i \u201eevo \u0161to je to\u201c.<\/p>\n\n\n\n<p>Ne tra\u017eimo gotov rad.<\/p>\n\n\n\n<p>Tra\u017eimo <strong>proces<\/strong>.<\/p>\n\n\n\n<p>Jedini uvjet je da se proces, kad jednom proizvede ne\u0161to vrijedno gledanja, slu\u0161anja ili sudjelovanja, <strong>vrati publici kroz prezentaciju u Koprivi<\/strong>.<\/p>\n\n\n\n<p>Drugim rije\u010dima: damo vam prostor da ne\u0161to napravite, a vi nama zauzvrat doka\u017eete da prostor nije bio uzalud.<\/p>\n\n\n\n<p>Mo\u017eda iz toga nastane predstava.<br>Mo\u017eda koncert.<br>Mo\u017eda radionica.<br>Mo\u017eda ne\u0161to za \u0161to \u0107emo tek naknadno morati smisliti kategoriju.<\/p>\n\n\n\n<p>Za te\u010dajeve, radionice i programe:<br>studio.mix.zg@gmail.com<\/p>\n\n\n\n<p>Za istra\u017eiva\u010dke projekte: ista adresa.<\/p>\n\n\n\n<p><strong>KOPRIVA ART LAB<\/strong><br>Ilica 196, Zagreb<br><br><\/p>\n\n\n\n<p>www.studiomix.hr<\/p>\n\n\n\n<div class=\"wp-block-group\"><div class=\"wp-block-group__inner-container is-layout-constrained wp-block-group-is-layout-constrained\"><\/div><\/div>\n\n\n\n<p><\/p>","protected":false},"excerpt":{"rendered":"<p>Datum objave: 08.09.2026. UTOPIJSKI EXPERIMENT Prostor, taj precijenjeni fizi\u010dki preduvjet svakog kulturnog djelovanja, uglavnom postane vidljiv tek kad ga nema. Kad ga ima, nekako se podrazumijeva. Mi bismo, za promjenu, napravili obrnuto. Kopriva Art Lab otvara prostor ljudima koji ne\u0161to rade tijekom tjedna \u2014 podu\u010davaju, istra\u017euju, ple\u0161u, sla\u017eu, rastavljaju ili poku\u0161avaju doku\u010diti \u0161to bi od&hellip;<\/p>","protected":false},"author":3,"featured_media":6740,"comment_status":"open","ping_status":"closed","template":"","meta":{"footnotes":""},"portfolio_category":[91],"portfolio_tag":[],"class_list":["post-6305","portfolio","type-portfolio","status-publish","has-post-thumbnail","hentry","portfolio_category-kopriva-new-edition"],"_links":{"self":[{"href":"https:\/\/studiomix.hr\/en\/wp-json\/wp\/v2\/portfolio\/6305","targetHints":{"allow":["GET"]}}],"collection":[{"href":"https:\/\/studiomix.hr\/en\/wp-json\/wp\/v2\/portfolio"}],"about":[{"href":"https:\/\/studiomix.hr\/en\/wp-json\/wp\/v2\/types\/portfolio"}],"author":[{"embeddable":true,"href":"https:\/\/studiomix.hr\/en\/wp-json\/wp\/v2\/users\/3"}],"replies":[{"embeddable":true,"href":"https:\/\/studiomix.hr\/en\/wp-json\/wp\/v2\/comments?post=6305"}],"version-history":[{"count":20,"href":"https:\/\/studiomix.hr\/en\/wp-json\/wp\/v2\/portfolio\/6305\/revisions"}],"predecessor-version":[{"id":6741,"href":"https:\/\/studiomix.hr\/en\/wp-json\/wp\/v2\/portfolio\/6305\/revisions\/6741"}],"wp:featuredmedia":[{"embeddable":true,"href":"https:\/\/studiomix.hr\/en\/wp-json\/wp\/v2\/media\/6740"}],"wp:attachment":[{"href":"https:\/\/studiomix.hr\/en\/wp-json\/wp\/v2\/media?parent=6305"}],"wp:term":[{"taxonomy":"portfolio_category","embeddable":true,"href":"https:\/\/studiomix.hr\/en\/wp-json\/wp\/v2\/portfolio_category?post=6305"},{"taxonomy":"portfolio_tag","embeddable":true,"href":"https:\/\/studiomix.hr\/en\/wp-json\/wp\/v2\/portfolio_tag?post=6305"}],"curies":[{"name":"wp","href":"https:\/\/api.w.org\/{rel}","templated":true}]}}